{"id":2641,"date":"2024-11-06T11:17:18","date_gmt":"2024-11-06T10:17:18","guid":{"rendered":"https:\/\/www.lesjardinsdehridaya.fr\/?post_type=tribe_events&#038;p=2641"},"modified":"2025-06-16T16:57:25","modified_gmt":"2025-06-16T14:57:25","slug":"rencontre-avec-le-silence-dans-le-desert-marocain","status":"publish","type":"tribe_events","link":"https:\/\/www.lesjardinsdehridaya.fr\/index.php\/evenements\/rencontre-avec-le-silence-dans-le-desert-marocain\/","title":{"rendered":"RENCONTRE AVEC LE SILENCE                      dans le d\u00e9sert marocain"},"content":{"rendered":"<p align=\"JUSTIFY\"><strong>S\u00c9JOUR DANS LE D\u00c9SERT MAROCAIN<\/strong><\/p>\n<p align=\"JUSTIFY\">Yoga &#8211; Chants sacr\u00e9s &#8211; M\u00e9ditation Marche silencieuse<\/p>\n<p align=\"JUSTIFY\"><strong>1ER NOVEMBRE AU 7 NOVEMBRE 2025<\/strong><\/p>\n<p align=\"JUSTIFY\"><strong> anim\u00e9 par Benjamin DAVY et Sylvie ICART FABIOL<\/strong><\/p>\n<p align=\"JUSTIFY\"><span style=\"color: #cc9900;\"><span style=\"font-family: Palatino, serif;\"><span style=\"font-size: small;\"><i>\u00ab\u00a0J&rsquo;ai toujours aim\u00e9 le d\u00e9sert. On s&rsquo;assoit sur une dune de sable. On ne voit rien. On n&rsquo;entend rien. Et cependant quelque chose rayonne en silence\u00a0\u00bb. Antoine de Saint-Exup\u00e9ry (Le Petit Prince)<\/i><\/span><\/span><\/span><\/p>\n<p align=\"JUSTIFY\"><span style=\"color: #000066;\"><span style=\"font-family: Philosopher;\"><span style=\"font-size: small;\">En 2015, j&rsquo;accompagnais un groupe dans le d\u00e9sert\u2026 Ce f\u00fbt un merveilleux moment, une exp\u00e9rience initiatique \u2026 <\/span><\/span><\/span><span style=\"color: #000066;\"><span style=\"font-family: Philosopher;\"><span style=\"font-size: small;\">10 ans plus tard, une nouvelle opportunit\u00e9 se pr\u00e9sente. H\u00e9l\u00e9na, nouvellement install\u00e9e \u00e0 Senteyre conna\u00eet bien les cr\u00e9ateurs d&rsquo;une oasis \u00e0 Tagounite aux portes du d\u00e9sert. \u00a0Ainsi, une premi\u00e8re graine \u00e9tait sem\u00e9e. Je propose alors \u00e0 Benjamin Davy, un ami musicien nomade qui a parcouru le Maroc, l&rsquo;Inde\u2026 d&rsquo;animer ce projet avec moi. Son oui laisse germer cette graine\u2026<\/span><\/span><\/span><\/p>\n<p style=\"text-align: center;\" align=\"CENTER\"><strong><span style=\"color: #333366;\"><span style=\"font-family: Capsuula;\"><span style=\"font-size: medium;\">Tout au long du voyage, nous pratiquerons diff\u00e9rents yoga (hatha yoga, yoga \u00e9gyptien, <\/span><\/span><\/span><span style=\"color: #333366;\"><span style=\"font-family: Capsuula;\"><span style=\"font-size: medium;\">yoga de l\u2019\u00e9nergie, yoga du son&#8230;), <\/span><\/span><\/span><span style=\"color: #333366;\"><span style=\"font-family: Capsuula;\"><span style=\"font-size: medium;\">des chants sacr\u00e9s pour nous mener vers m\u00e9ditation et la Pr\u00e9sence au d\u00e9sert. <\/span><\/span><\/span><\/strong><br \/>\n<strong><span style=\"color: #333366;\"><span style=\"font-family: Capsuula;\"><span style=\"font-size: medium;\">Des enseignements sur une compr\u00e9hension de l\u2019humain, de l\u2019\u00e9nergie, de l\u2019univers seront pr\u00e9sents. <\/span><\/span><\/span><\/strong><br \/>\n<strong><span style=\"color: #333366;\"><span style=\"font-family: Capsuula;\"><span style=\"font-size: medium;\">Des moments de repos, de cr\u00e9ativit\u00e9, de partages, de rires et de joie&#8230;<\/span><\/span><\/span><\/strong><\/p>\n<p align=\"CENTER\"><span style=\"color: #000066;\"><span style=\"font-family: Century Gothic, sans-serif;\"><span style=\"font-size: xx-large;\"><b>PROGRAMME DU S\u00c9JOUR<\/b><\/span><\/span><\/span><\/p>\n<p align=\"CENTER\"><span style=\"color: #9f7104;\"><span style=\"font-family: Palatino, serif;\"><span style=\"font-size: x-large;\"><b><span style=\"font-size: xx-large;\">Yoga, chants et m\u00e9ditation tous les matins et soirs<\/span>\u00a0<\/b><\/span><\/span><\/span><\/p>\n<p align=\"JUSTIFY\"><span style=\"color: #996600;\"><span style=\"font-family: Philosopher;\"><span style=\"font-size: small;\"><span style=\"color: #eca516;\"><b>J<\/b><\/span><span style=\"color: #eca516;\"><span style=\"font-size: medium;\"><b>our 1<\/b><\/span><\/span><span style=\"font-size: medium;\">\u00a0: D\u00e9part de Marrakech par bus tout confort , 2 arr\u00eats pr\u00e9vus pour se restaurer. Travers\u00e9e du haut Atlas et de la vall\u00e9e du Dr\u00e2\u00a0 . <\/span><\/span><\/span><\/span><span style=\"color: #996600;\"><span style=\"font-family: Philosopher;\"><span style=\"font-size: medium;\">Arriv\u00e9e \u00e0 Zagora, porte du d\u00e9sert o\u00f9 nous serons accueillis par Hassan. Repas et nuit tout confort \u00e0 Zagora.<\/span><\/span><\/span><\/p>\n<p><span style=\"color: #996600;\"><span style=\"font-family: Philosopher;\"><span style=\"font-size: medium;\"><span style=\"color: #eca516;\"><b>Jour 2, 3, 4 et 5 : <\/b><\/span><\/span><\/span><\/span><span style=\"color: #996600;\"><span style=\"font-family: Philosopher;\"><span style=\"font-size: medium;\">D\u00e9part pour le d\u00e9sert avec la caravane. Le campement se d\u00e9place tous les jours jusqu&rsquo;aux dunes de Chegaga, dunes avoisinant une hauteur de 300 m, erg le plus vaste et le plus sauvage du Maroc. Le bivouac est itin\u00e9rant. Retour en 4*4 \u00e0 Zagora.<\/span><\/span><\/span><\/p>\n<p><span style=\"font-family: Philosopher;\"><span style=\"font-size: medium;\"><span style=\"color: #eca516;\"><b>Jour 6<\/b><\/span><span style=\"color: #996600;\"> : Hammam au village, balade \u00e0 Tamgroute village de potiers dans la tradition ancestrale, soir\u00e9e de f\u00eate en musique&#8230;<\/span><\/span><\/span><\/p>\n<p><span style=\"font-family: Philosopher;\"><span style=\"font-size: medium;\"><span style=\"color: #eca516;\"><b>Jour 7 :<\/b><\/span><span style=\"color: #996600;\"> Retour en bus vers Marrakech <\/span><\/span><\/span><\/p>\n<p align=\"JUSTIFY\"><span style=\"color: #000066;\"><span style=\"font-family: Philosopher;\"><b>Il est n\u00e9cessaire d\u2019avoir un passeport en cours de validit\u00e9.<\/b><\/span><\/span><\/p>\n<p align=\"JUSTIFY\"><span style=\"color: #000066;\"><span style=\"font-family: Philosopher;\">Nous vous demanderons une attestation d\u2019assurance \u00ab\u00a0responsabilit\u00e9 civile\u00a0\u00bb individuelle donn\u00e9e par votre compagnie d\u2019assurance.<\/span><\/span><\/p>\n<p align=\"JUSTIFY\"><span style=\"color: #cc9900;\"><span style=\"font-family: Philosopher;\"><b>Sont inclus dans le prix : <\/b><\/span><\/span><\/p>\n<ul>\n<li><span style=\"color: #000066;\"><span style=\"font-family: Philosopher;\">Les enseignements et partages autour du yoga, de la m\u00e9ditation, de l\u2019Ayurveda <\/span><\/span><\/li>\n<li><span style=\"color: #000066;\"><span style=\"font-family: Philosopher;\">L<\/span><\/span><span style=\"color: #000066;\"><span style=\"font-family: Philosopher;\">e bus aller\/retour Marrakesch-Zagora<\/span><\/span><\/li>\n<li><span style=\"color: #000066;\"><span style=\"font-family: Philosopher;\">Tous les transferts <\/span><\/span><\/li>\n<li><span style=\"color: #000066;\"><span style=\"font-family: Philosopher;\">Les randonn\u00e9es dans le d\u00e9sert en dromadaire, guides nomades chameliers, les excursions, <\/span><\/span><\/li>\n<li><span style=\"color: #000066;\"><span style=\"font-family: Philosopher;\">La pension compl\u00e8te, logement en terre cru partag\u00e9 2, 3 ou 4 personnes\u00a0; eau et th\u00e9 \u00e0 volont\u00e9<\/span><\/span><\/li>\n<\/ul>\n<p align=\"JUSTIFY\"><span style=\"color: #cc9900;\"><span style=\"font-family: Philosopher;\"><b>Ne sont pas inclus\u00a0:<\/b><\/span><\/span><\/p>\n<ul>\n<li><span style=\"color: #000066;\"><span style=\"font-family: Philosopher;\">Le billet d\u2019avion aller-retour<\/span><\/span><\/li>\n<li><span style=\"color: #000066;\"><span style=\"font-family: Philosopher;\">Les nuits et repas \u00e0 Marrakech (si arriv\u00e9e la veille) et repas du bus<\/span><\/span><\/li>\n<li><span style=\"color: #000066;\"><span style=\"font-family: Philosopher;\">Les boissons hors lieu<\/span><\/span><\/li>\n<li><span style=\"color: #000066;\"><span style=\"font-family: Philosopher;\">Les achats \u00ab\u00a0touristiques\u00a0\u00bb<\/span><\/span><\/li>\n<\/ul>\n<p align=\"CENTER\"><span style=\"color: #000066;\"><span style=\"font-size: xx-large;\"><span style=\"font-family: Century Gothic, sans-serif;\"><b>CO\u00dbT DU SEJOUR : 930 Euros vol NON compris <\/b><\/span><\/span><\/span><\/p>\n<p align=\"CENTER\"><span style=\"color: #000066;\"><span style=\"font-family: Century Gothic, sans-serif;\"><span style=\"font-size: large;\"><b>R<\/b><\/span><\/span><span style=\"font-family: Century Gothic, sans-serif;\"><b>\u00e9servation avec un versement de 230 euros <\/b><\/span><\/span><\/p>\n<p style=\"text-align: center;\" align=\"JUSTIFY\"><span style=\"color: #000066;\"><span style=\"font-family: Philosopher;\">Le reste de la somme peut \u00eatre vers\u00e9 en une, deux, sept mensualit\u00e9s <\/span><\/span><\/p>\n<p align=\"CENTER\"><span style=\"color: #000066;\"><span style=\"font-family: Century Gothic, sans-serif;\"><span style=\"font-size: small;\"><b><i>nombre de places limit\u00e9 \u00e0 12 personnes<\/i><\/b><\/span><\/span><\/span><\/p>\n<p align=\"CENTER\"><span style=\"color: #333366;\"><span style=\"font-family: Capsuula;\"><span style=\"font-size: medium;\">Nous ne sommes pas des professionnels du voyage mais plut\u00f4t des chercheurs de v\u00e9rit\u00e9, de simplicit\u00e9 et d&rsquo;amour. <\/span><\/span><\/span><span style=\"color: #333366;\"><span style=\"font-family: Capsuula;\"><span style=\"font-size: medium;\">Notre d\u00e9sir est de vous offrir les conditions id\u00e9ales pour un r\u00e9el bien-\u00eatre aux saveurs marocaines.<\/span><\/span><\/span><\/p>\n<p align=\"CENTER\"><span style=\"color: #000066;\"><span style=\"font-family: Century Gothic, sans-serif;\"><span style=\"font-size: xx-large;\"><b>QUI NOUS ACCUEILLE A ZAGORA?<\/b><\/span><\/span><\/span><\/p>\n<p align=\"JUSTIFY\"><span style=\"color: #000066;\"><span style=\"font-family: Philosopher;\"><span style=\"font-size: large;\">Hassan, ex-nomade du d\u00e9sert nous a accompagn\u00e9s dans le d\u00e9sert marocain en 2015. Sa connaissance exceptionnelle du d\u00e9sert, son exp\u00e9rience de plus de 30 ans, sa gentillesse et son \u00e9quipe assurent un s\u00e9jour plein de d\u00e9couverte et de surprises. La petite entreprise d&rsquo;Hassan a pour objectif de nous faire d\u00e9couvrir sa r\u00e9gion, mais aussi de proposer une r\u00e9mun\u00e9ration juste des hommes du d\u00e9sert.<\/span><\/span><\/span><\/p>\n<p align=\"CENTER\"><b style=\"font-size: large; font-family: Bahnschrift, sans-serif; color: #ffcc00;\">Bio de Benjamin Davy<\/b><\/p>\n<blockquote>\n<p align=\"JUSTIFY\"><span style=\"color: #ffcc00;\"><span style=\"font-family: Bahnschrift, sans-serif;\">Musicien et multi-instrumentiste, il initia son parcours artistique en autodidacte au cours de son enfance, via le piano et la guitare. <\/span><\/span><\/p>\n<p align=\"JUSTIFY\"><span style=\"color: #ffcc00;\"><span style=\"font-family: Bahnschrift, sans-serif;\">Il int\u00e8gre rapidement des formations musicales en tous genres, jusqu&rsquo;\u00e0 se professionnaliser en tant que bassiste et compositeur \u00e0 Paris au cours des ann\u00e9es 2000.<\/span><\/span><\/p>\n<p align=\"JUSTIFY\"><span style=\"color: #ffcc00;\"><span style=\"font-family: Bahnschrift, sans-serif;\">Dipl\u00f4m\u00e9 de l&rsquo;\u00e9cole ATLA (musiques actuelles et improvis\u00e9es), il r\u00e9alise par la suite que la musique est bien plus que th\u00e9orie et divertissement. Il y a une profondeur, une \u00e9l\u00e9vation de l&rsquo;\u00e2me, une expression identitaire et culturelle qui nous \u00e9chappe peu \u00e0 peu dans nos soci\u00e9t\u00e9s occidentales.<\/span><\/span><\/p>\n<p align=\"JUSTIFY\"><span style=\"color: #ffcc00;\"><span style=\"font-family: Bahnschrift, sans-serif;\">Les peuples Africains, Asiatiques, et Sud-Am\u00e9ricains parmi tant d&rsquo;autres, perp\u00e9tuent cette conscience et v\u00e9hiculent leurs spiritualit\u00e9s, les c\u00e9l\u00e9brations, leurs unions par la musique, la danse, et toutes autres formes d&rsquo;arts. <\/span><\/span><\/p>\n<p align=\"JUSTIFY\"><span style=\"color: #ffcc00;\"><span style=\"font-family: Bahnschrift, sans-serif;\">C&rsquo;est de cette prise de conscience que Benjamin a choisi de se m\u00ealer aux musiciens Marocains en traversant la m\u00e9diterran\u00e9e r\u00e9guli\u00e8rement et quelques ann\u00e9es plus tard, l&rsquo;Inde est une r\u00e9v\u00e9lation important dans son parcours.<\/span><\/span><\/p>\n<p align=\"JUSTIFY\"><span style=\"color: #ffcc00;\"><span style=\"font-family: Bahnschrift, sans-serif;\">La Musique Classique Indienne et particuli\u00e8rement le Dhrupad, incarne la subtilit\u00e9 \u00e9motionnelle, l&rsquo;honn\u00eatet\u00e9 vers l&rsquo;Essentiel, et la s\u00e9r\u00e9nit\u00e9.<\/span><\/span><\/p>\n<p align=\"JUSTIFY\"><span style=\"color: #ffcc00;\"><span style=\"font-family: Bahnschrift, sans-serif;\">Apr\u00e8s plusieurs saisons en Inde \u00e0 pratiquer le chant et la percussion Dhrupad, il organise avec ses amis musiciens des retraites, ouvertes \u00e0 tous et toutes, avec comme objectif de partager leurs savoir autour de cette musique sacr\u00e9e.<\/span><\/span><\/p>\n<p align=\"JUSTIFY\"><span style=\"color: #ffcc00;\"><span style=\"font-family: Bahnschrift, sans-serif;\">Entre concerts et retraites en France, Suisse, Espagne ,Portugal, Br\u00e9sil, Argentine, Benjamin s\u2019enrichit de rencontre et de beaut\u00e9 du Monde.<\/span><\/span><\/p>\n<p align=\"CENTER\"><span style=\"color: #ffcc00;\"><span style=\"font-family: Bahnschrift, sans-serif;\"><span style=\"font-size: large;\"><b>Bio de Sylvie Icart Fabiol<\/b><\/span><\/span><\/span><\/p>\n<p align=\"CENTER\"><span style=\"color: #ffcc00;\"><span style=\"font-family: Bahnschrift, sans-serif;\"><span style=\"font-size: medium;\">Voir onglet \u00ab\u00a0qui suis-je\u00a0? \u00a0\u00a0 \u00a0\u00a0 \u00a0\u00a0 \u00a0<\/span><\/span><\/span><a href=\"https:\/\/www.lesjardinsdehridaya.fr\/index.php\/qui-suis-je\/\">https:\/\/www.lesjardinsdehridaya.fr\/index.php\/qui-suis-je\/<\/a><\/p>\n<p align=\"CENTER\">\n<\/blockquote>\n<p align=\"CENTER\"><span style=\"color: #000066;\"><span style=\"font-family: Philosopher;\"><strong>Merci de me contacter pour votre inscription afin de d\u00e9finir les modalit\u00e9s de r\u00e8glement et de r\u00e9pondre \u00e0 vos questions.<\/strong><\/span><\/span><\/p>\n<p align=\"CENTER\">\n","protected":false},"excerpt":{"rendered":"<p>S\u00c9JOUR DANS LE D\u00c9SERT MAROCAIN Yoga &#8211; Chants sacr\u00e9s &#8211; M\u00e9ditation Marche silencieuse 1ER NOVEMBRE AU 7 NOVEMBRE 2025 anim\u00e9 par Benjamin DAVY et Sylvie ICART FABIOL \u00ab\u00a0J&rsquo;ai toujours aim\u00e9&#8230;<\/p>\n","protected":false},"author":1,"featured_media":2772,"template":"","meta":{"_kad_post_transparent":"","_kad_post_title":"","_kad_post_layout":"","_kad_post_sidebar_id":"","_kad_post_content_style":"","_kad_post_vertical_padding":"","_kad_post_feature":"","_kad_post_feature_position":"","_kad_post_header":false,"_kad_post_footer":false,"_tribe_events_status":"","_tribe_events_status_reason":"","footnotes":""},"tags":[],"tribe_events_cat":[],"class_list":["post-2641","tribe_events","type-tribe_events","status-publish","has-post-thumbnail","hentry"],"_links":{"self":[{"href":"https:\/\/www.lesjardinsdehridaya.fr\/index.php\/wp-json\/wp\/v2\/tribe_events\/2641","targetHints":{"allow":["GET"]}}],"collection":[{"href":"https:\/\/www.lesjardinsdehridaya.fr\/index.php\/wp-json\/wp\/v2\/tribe_events"}],"about":[{"href":"https:\/\/www.lesjardinsdehridaya.fr\/index.php\/wp-json\/wp\/v2\/types\/tribe_events"}],"author":[{"embeddable":true,"href":"https:\/\/www.lesjardinsdehridaya.fr\/index.php\/wp-json\/wp\/v2\/users\/1"}],"version-history":[{"count":15,"href":"https:\/\/www.lesjardinsdehridaya.fr\/index.php\/wp-json\/wp\/v2\/tribe_events\/2641\/revisions"}],"predecessor-version":[{"id":2754,"href":"https:\/\/www.lesjardinsdehridaya.fr\/index.php\/wp-json\/wp\/v2\/tribe_events\/2641\/revisions\/2754"}],"wp:featuredmedia":[{"embeddable":true,"href":"https:\/\/www.lesjardinsdehridaya.fr\/index.php\/wp-json\/wp\/v2\/media\/2772"}],"wp:attachment":[{"href":"https:\/\/www.lesjardinsdehridaya.fr\/index.php\/wp-json\/wp\/v2\/media?parent=2641"}],"wp:term":[{"taxonomy":"post_tag","embeddable":true,"href":"https:\/\/www.lesjardinsdehridaya.fr\/index.php\/wp-json\/wp\/v2\/tags?post=2641"},{"taxonomy":"tribe_events_cat","embeddable":true,"href":"https:\/\/www.lesjardinsdehridaya.fr\/index.php\/wp-json\/wp\/v2\/tribe_events_cat?post=2641"}],"curies":[{"name":"wp","href":"https:\/\/api.w.org\/{rel}","templated":true}]}}