{"id":2842,"date":"2025-12-08T11:49:13","date_gmt":"2025-12-08T10:49:13","guid":{"rendered":"https:\/\/www.lesjardinsdehridaya.fr\/?post_type=tribe_events&#038;p=2842"},"modified":"2025-12-08T11:50:35","modified_gmt":"2025-12-08T10:50:35","slug":"fete-du-solstice-dhiver","status":"publish","type":"tribe_events","link":"https:\/\/www.lesjardinsdehridaya.fr\/index.php\/evenements\/fete-du-solstice-dhiver\/","title":{"rendered":"F\u00caTE DU SOLSTICE D&rsquo;HIVER"},"content":{"rendered":"<p>SAMEDI 20 DECEMBRE 16H&#8230;<\/p>\n<p><span style=\"font-size: large;\"><strong><span style=\"color: #000066;\"><span style=\"font-family: Papyrus, cursive;\">Le Solstice d&rsquo;hiver marque la nuit la plus longue de l\u2019ann\u00e9e et le retour lent mais certain de la lumi\u00e8re solaire. Ce moment astronomique particulier est f\u00eat\u00e9 depuis des mill\u00e9naires par une multitude de civilisations \u00e0 travers le monde. Charg\u00e9 de symbolisme, le solstice d\u2019hiver honore\u00a0 le passage de l\u2019obscurit\u00e9 \u00e0 la lumi\u00e8re, un moment de renouveau et de renaissance.<\/span><\/span><\/strong> <\/span><strong><span style=\"font-family: Papyrus, cursive;\"><span style=\"font-size: large;\">\u00a0<\/span><\/span><\/strong><\/p>\n<blockquote><p>Si l\u2019Europe a l\u00e9gu\u00e9 une riche diversit\u00e9 de rites li\u00e9s au solstice, d\u2019autres r\u00e9gions du monde honorent elles aussi ce moment charni\u00e8re de l\u2019ann\u00e9e :<\/p>\n<ul>\n<li><strong>En Iran et dans les pays persans<\/strong>, on c\u00e9l\u00e8bre la\u00a0<em>Shab-e Yalda<\/em>, la \u00ab nuit de Yalda \u00bb, en veillant toute la nuit autour de fruits d\u2019\u00e9t\u00e9 conserv\u00e9s (notamment les grenades et les past\u00e8ques), symboles de vitalit\u00e9 et d\u2019espoir.<\/li>\n<li><strong>Chez les peuples autochtones d\u2019Am\u00e9rique du Nord<\/strong>, diverses c\u00e9r\u00e9monies marquent le retour du soleil : dans les traditions hopi ou lakota, des danses, des pri\u00e8res ainsi que la transmission orale des mythes de cr\u00e9ation sont mises \u00e0 l\u2019honneur.<\/li>\n<li><strong>En Chine<\/strong>, le solstice d\u2019hiver co\u00efncide avec la f\u00eate du\u00a0<em>Dongzhi<\/em>, o\u00f9 l\u2019on c\u00e9l\u00e8bre le yin atteignant son apog\u00e9e et le retour progressif du yang. On y d\u00e9guste des plats sp\u00e9cifiques comme les\u00a0<em>tangyuan<\/em>, symboles d\u2019unit\u00e9 et de compl\u00e9tude familiale.<\/li>\n<li><strong>La Yule <\/strong>, c\u00e9l\u00e9br\u00e9 en Scandinavie, marque la naissance du dieu solaire, Baldr, et c\u00e9l\u00e8bre le retour de la lumi\u00e8re. Les Vikings c\u00e9l\u00e9braient Yule avec des feux de joie, des chants et des festins<\/li>\n<li><strong>Les Saturnales\u00a0<\/strong>, c\u00e9l\u00e9br\u00e9es \u00e0 Rome, \u00e9taient un festival d\u00e9di\u00e9 \u00e0 Saturne, le dieu de l\u2019agriculture, et symbolisaient la joie et la f\u00eate. Pendant les Saturnales, les esclaves \u00e9taient lib\u00e9r\u00e9s, les jeux et les spectacles \u00e9taient organis\u00e9s, et les repas \u00e9taient abondants.<\/li>\n<li><strong>Hanoucca\u00a0<\/strong>, une f\u00eate juive, comm\u00e9more la reconqu\u00eate du Temple de J\u00e9rusalem et la victoire de la lumi\u00e8re sur les t\u00e9n\u00e8bres. Pendant Hanoucca, des bougies sont allum\u00e9es chaque soir, et des plats traditionnels comme les latkes (cr\u00eapes de pommes de terre) sont d\u00e9gust\u00e9s&#8230;.<\/li>\n<li><\/li>\n<\/ul>\n<\/blockquote>\n<p align=\"CENTER\"><strong><span style=\"color: #000066;\"><span style=\"font-family: Philosopher;\"><span style=\"font-size: x-large;\"><b>AUX JARDINS DE HRIDAYA<\/b><\/span><\/span><\/span><\/strong><\/p>\n<p align=\"LEFT\"><strong><span style=\"color: #000066;\"><span style=\"font-family: Papyrus, cursive;\"><span style=\"font-size: large;\">16h00 Marche consciente dans la campagne ouYoga Nidra,<\/span><\/span><\/span><\/strong> <strong><span style=\"color: #000066;\"><span style=\"font-family: Papyrus, cursive;\"><span style=\"font-size: large;\"><i>voyage vers une profonde relaxation ( si pluie)<\/i><\/span><\/span><\/span><\/strong><\/p>\n<p><strong><span style=\"color: #000066;\"><span style=\"font-family: Papyrus, cursive;\"><span style=\"font-size: large;\">17h00 Land art\u00a0<\/span><\/span><\/span><\/strong> <em><span style=\"color: #000066;\"><span style=\"font-family: Papyrus, cursive;\"><span style=\"font-size: large;\">R\u00e9alisation d&rsquo;un mandala v\u00e9g\u00e9tal \u00e9ph\u00e9m\u00e8re<\/span><\/span><\/span><\/em><\/p>\n<p><strong><span style=\"color: #000066;\"><span style=\"font-family: Papyrus, cursive;\"><span style=\"font-size: large;\">17h30<\/span><\/span><\/span><\/strong> <strong><span style=\"color: #000066;\"><span style=\"font-family: Papyrus, cursive;\"><span style=\"font-size: large;\">C\u00e9l\u00e9bration du solstice<\/span><\/span><\/span><\/strong> <em><span style=\"color: #000066;\"><span style=\"font-family: Papyrus, cursive;\"><span style=\"font-size: large;\">Pr\u00e9paration du feu et m\u00e9ditation au cercle de pierres<\/span><\/span><\/span><\/em><\/p>\n<p><strong><span style=\"color: #000066;\"><span style=\"font-family: Papyrus, cursive;\"><span style=\"font-size: large;\">19h00 Auberge espagnole<\/span><\/span><\/span><\/strong> <strong><span style=\"color: #000066;\"><span style=\"font-family: Papyrus, cursive;\"><span style=\"font-size: large;\"><i>avec les mets port\u00e9s par chacun<\/i><\/span><\/span><\/span><\/strong><\/p>\n<p align=\"CENTER\"><span style=\"color: #ff9900;\"><span style=\"font-family: Papyrus, cursive;\"><span style=\"font-size: large;\">Il est possible de venir uniquement \u00e0 la m\u00e9ditation.<\/span><\/span><\/span><\/p>\n<p align=\"CENTER\"><strong><span style=\"color: #ff9900;\"><span style=\"font-family: Papyrus, cursive;\"><span style=\"font-size: large;\">Venez avec vos amis! Merci de m&rsquo;informer de votre participation.<\/span><\/span><\/span><\/strong><\/p>\n<p align=\"CENTER\"><span style=\"color: #ff9900;\"><span style=\"font-family: Papyrus, cursive;\"><span style=\"font-size: large;\">organis\u00e9 et anim\u00e9 par Sylvie Icart Fabiol<\/span><\/span><\/span><\/p>\n<p align=\"CENTER\"><span style=\"color: #ff9900;\"><span style=\"font-family: Papyrus, cursive;\"><span style=\"font-size: xx-large;\"><b>Participation libre<\/b><\/span><\/span><\/span><\/p>\n<p>&nbsp;<\/p>\n","protected":false},"excerpt":{"rendered":"<p>SAMEDI 20 DECEMBRE 16H&#8230; Le Solstice d&rsquo;hiver marque la nuit la plus longue de l\u2019ann\u00e9e et le retour lent mais certain de la lumi\u00e8re solaire. Ce moment astronomique particulier est&#8230;<\/p>\n","protected":false},"author":1,"featured_media":2844,"template":"","meta":{"_kad_post_transparent":"","_kad_post_title":"","_kad_post_layout":"","_kad_post_sidebar_id":"","_kad_post_content_style":"","_kad_post_vertical_padding":"","_kad_post_feature":"","_kad_post_feature_position":"","_kad_post_header":false,"_kad_post_footer":false,"_tribe_events_status":"","_tribe_events_status_reason":"","footnotes":""},"tags":[],"tribe_events_cat":[],"class_list":["post-2842","tribe_events","type-tribe_events","status-publish","has-post-thumbnail","hentry"],"_links":{"self":[{"href":"https:\/\/www.lesjardinsdehridaya.fr\/index.php\/wp-json\/wp\/v2\/tribe_events\/2842","targetHints":{"allow":["GET"]}}],"collection":[{"href":"https:\/\/www.lesjardinsdehridaya.fr\/index.php\/wp-json\/wp\/v2\/tribe_events"}],"about":[{"href":"https:\/\/www.lesjardinsdehridaya.fr\/index.php\/wp-json\/wp\/v2\/types\/tribe_events"}],"author":[{"embeddable":true,"href":"https:\/\/www.lesjardinsdehridaya.fr\/index.php\/wp-json\/wp\/v2\/users\/1"}],"version-history":[{"count":4,"href":"https:\/\/www.lesjardinsdehridaya.fr\/index.php\/wp-json\/wp\/v2\/tribe_events\/2842\/revisions"}],"predecessor-version":[{"id":2849,"href":"https:\/\/www.lesjardinsdehridaya.fr\/index.php\/wp-json\/wp\/v2\/tribe_events\/2842\/revisions\/2849"}],"wp:featuredmedia":[{"embeddable":true,"href":"https:\/\/www.lesjardinsdehridaya.fr\/index.php\/wp-json\/wp\/v2\/media\/2844"}],"wp:attachment":[{"href":"https:\/\/www.lesjardinsdehridaya.fr\/index.php\/wp-json\/wp\/v2\/media?parent=2842"}],"wp:term":[{"taxonomy":"post_tag","embeddable":true,"href":"https:\/\/www.lesjardinsdehridaya.fr\/index.php\/wp-json\/wp\/v2\/tags?post=2842"},{"taxonomy":"tribe_events_cat","embeddable":true,"href":"https:\/\/www.lesjardinsdehridaya.fr\/index.php\/wp-json\/wp\/v2\/tribe_events_cat?post=2842"}],"curies":[{"name":"wp","href":"https:\/\/api.w.org\/{rel}","templated":true}]}}